{"id":50528,"date":"2025-10-30T15:46:29","date_gmt":"2025-10-30T14:46:29","guid":{"rendered":"https:\/\/aresweden.com\/kalender\/are-extreme-challenge-2026\/"},"modified":"2025-10-30T15:47:34","modified_gmt":"2025-10-30T14:47:34","slug":"are-extreme-challenge-2026","status":"publish","type":"tribe_events","link":"https:\/\/aresweden.com\/en\/calendar\/are-extreme-challenge-2026\/","title":{"rendered":"\u00c5re Extreme Challenge 2026"},"content":{"rendered":"<p>The classic multisport race \u00c5re Extreme Challenge returns in 2026 \u2014 and this time with exciting updates! In addition to the \u201cregular\u201d competition, other categories are introduced: Lake, featuring a new paddling section, and Run n\u2019 Bike. What\u2019s more, the old running route via Tott is back on the map. This is the ultimate arena for adventure, nature experiences, music, and unforgettable moments \u2014 all wrapped up in one truly thrilling package.<\/p>\n","protected":false},"excerpt":{"rendered":"<p>The classic multisport race \u00c5re Extreme Challenge returns in 2026 \u2014 and this time with exciting updates! In addition to the \u201cregular\u201d competition, other categories are introduced: Lake, featuring a [&hellip;]<\/p>\n","protected":false},"author":3,"featured_media":6065,"template":"","meta":{"_acf_changed":false,"_relevanssi_hide_post":"","_relevanssi_hide_content":"","_relevanssi_pin_for_all":"","_relevanssi_pin_keywords":"","_relevanssi_unpin_keywords":"","_relevanssi_related_keywords":"","_relevanssi_related_include_ids":"","_relevanssi_related_exclude_ids":"","_relevanssi_related_no_append":"","_relevanssi_related_not_related":"","_relevanssi_related_posts":"","_relevanssi_noindex_reason":"","_tribe_events_status":"","_tribe_events_status_reason":"","_tribe_events_is_hybrid":"","_tribe_events_is_virtual":"","_tribe_events_virtual_video_source":"","_tribe_events_virtual_embed_video":"","_tribe_events_virtual_linked_button_text":"","_tribe_events_virtual_linked_button":"","_tribe_events_virtual_show_embed_at":"","_tribe_events_virtual_show_embed_to":[],"_tribe_events_virtual_show_on_event":"","_tribe_events_virtual_show_on_views":"","_tribe_events_virtual_url":"","footnotes":""},"tags":[],"tribe_events_cat":[2488,2847],"class_list":["post-50528","tribe_events","type-tribe_events","status-publish","has-post-thumbnail","hentry","tribe_events_cat-events-en","tribe_events_cat-exercise-wellness","cat_events-en","cat_exercise-wellness"],"acf":[],"yoast_head":"<!-- This site is optimized with the Yoast SEO plugin v27.3 - https:\/\/yoast.com\/product\/yoast-seo-wordpress\/ -->\n<title>\u00c5re Extreme Challenge 2026 &#8211; \u00c5re Sweden<\/title>\n<meta name=\"robots\" content=\"index, follow, max-snippet:-1, max-image-preview:large, max-video-preview:-1\" \/>\n<link rel=\"canonical\" href=\"https:\/\/aresweden.com\/en\/calendar\/are-extreme-challenge-2026\/\" \/>\n<meta property=\"og:locale\" content=\"en_US\" \/>\n<meta property=\"og:type\" content=\"article\" \/>\n<meta property=\"og:title\" content=\"\u00c5re Extreme Challenge 2026 &#8211; \u00c5re Sweden\" \/>\n<meta property=\"og:description\" content=\"The classic multisport race \u00c5re Extreme Challenge returns in 2026 \u2014 and this time with exciting updates! In addition to the \u201cregular\u201d competition, other categories are introduced: Lake, featuring a [&hellip;]\" \/>\n<meta property=\"og:url\" content=\"https:\/\/aresweden.com\/en\/calendar\/are-extreme-challenge-2026\/\" \/>\n<meta property=\"og:site_name\" content=\"\u00c5re Sweden\" \/>\n<meta property=\"article:publisher\" content=\"https:\/\/www.facebook.com\/aresweden\/\" \/>\n<meta property=\"article:modified_time\" content=\"2025-10-30T14:47:34+00:00\" \/>\n<meta property=\"og:image\" content=\"https:\/\/aresweden.com\/app\/uploads\/2019\/04\/extrem-c.jpg\" \/>\n\t<meta property=\"og:image:width\" content=\"1920\" \/>\n\t<meta property=\"og:image:height\" content=\"1080\" \/>\n\t<meta property=\"og:image:type\" content=\"image\/jpeg\" \/>\n<meta name=\"twitter:card\" content=\"summary_large_image\" \/>\n<meta name=\"twitter:label1\" content=\"Est. reading time\" \/>\n\t<meta name=\"twitter:data1\" content=\"1 minute\" \/>\n<script type=\"application\/ld+json\" class=\"yoast-schema-graph\">{\"@context\":\"https:\\\/\\\/schema.org\",\"@graph\":[{\"@type\":\"WebPage\",\"@id\":\"https:\\\/\\\/aresweden.com\\\/en\\\/calendar\\\/are-extreme-challenge-2026\\\/\",\"url\":\"https:\\\/\\\/aresweden.com\\\/en\\\/calendar\\\/are-extreme-challenge-2026\\\/\",\"name\":\"\u00c5re Extreme Challenge 2026 &#8211; \u00c5re Sweden\",\"isPartOf\":{\"@id\":\"https:\\\/\\\/aresweden-bedrock.test\\\/#website\"},\"primaryImageOfPage\":{\"@id\":\"https:\\\/\\\/aresweden.com\\\/en\\\/calendar\\\/are-extreme-challenge-2026\\\/#primaryimage\"},\"image\":{\"@id\":\"https:\\\/\\\/aresweden.com\\\/en\\\/calendar\\\/are-extreme-challenge-2026\\\/#primaryimage\"},\"thumbnailUrl\":\"https:\\\/\\\/aresweden.com\\\/app\\\/uploads\\\/2019\\\/04\\\/extrem-c.jpg\",\"datePublished\":\"2025-10-30T14:46:29+00:00\",\"dateModified\":\"2025-10-30T14:47:34+00:00\",\"breadcrumb\":{\"@id\":\"https:\\\/\\\/aresweden.com\\\/en\\\/calendar\\\/are-extreme-challenge-2026\\\/#breadcrumb\"},\"inLanguage\":\"en-US\",\"potentialAction\":[{\"@type\":\"ReadAction\",\"target\":[\"https:\\\/\\\/aresweden.com\\\/en\\\/calendar\\\/are-extreme-challenge-2026\\\/\"]}]},{\"@type\":\"ImageObject\",\"inLanguage\":\"en-US\",\"@id\":\"https:\\\/\\\/aresweden.com\\\/en\\\/calendar\\\/are-extreme-challenge-2026\\\/#primaryimage\",\"url\":\"https:\\\/\\\/aresweden.com\\\/app\\\/uploads\\\/2019\\\/04\\\/extrem-c.jpg\",\"contentUrl\":\"https:\\\/\\\/aresweden.com\\\/app\\\/uploads\\\/2019\\\/04\\\/extrem-c.jpg\",\"width\":1920,\"height\":1080,\"caption\":\"\u00c5re Extreme Challenge\"},{\"@type\":\"BreadcrumbList\",\"@id\":\"https:\\\/\\\/aresweden.com\\\/en\\\/calendar\\\/are-extreme-challenge-2026\\\/#breadcrumb\",\"itemListElement\":[{\"@type\":\"ListItem\",\"position\":1,\"name\":\"Home\",\"item\":\"https:\\\/\\\/aresweden.com\\\/en\\\/\"},{\"@type\":\"ListItem\",\"position\":2,\"name\":\"Events\",\"item\":\"https:\\\/\\\/aresweden.com\\\/en\\\/calendar\\\/\"},{\"@type\":\"ListItem\",\"position\":3,\"name\":\"\u00c5re Extreme Challenge 2026\"}]},{\"@type\":\"WebSite\",\"@id\":\"https:\\\/\\\/aresweden-bedrock.test\\\/#website\",\"url\":\"https:\\\/\\\/aresweden-bedrock.test\\\/\",\"name\":\"\u00c5re Sweden\",\"description\":\"Official site for \u00c5re Sweden\",\"potentialAction\":[{\"@type\":\"SearchAction\",\"target\":{\"@type\":\"EntryPoint\",\"urlTemplate\":\"https:\\\/\\\/aresweden-bedrock.test\\\/?s={search_term_string}\"},\"query-input\":{\"@type\":\"PropertyValueSpecification\",\"valueRequired\":true,\"valueName\":\"search_term_string\"}}],\"inLanguage\":\"en-US\"}]}<\/script>\n<!-- \/ Yoast SEO plugin. -->","yoast_head_json":{"title":"\u00c5re Extreme Challenge 2026 &#8211; \u00c5re Sweden","robots":{"index":"index","follow":"follow","max-snippet":"max-snippet:-1","max-image-preview":"max-image-preview:large","max-video-preview":"max-video-preview:-1"},"canonical":"https:\/\/aresweden.com\/en\/calendar\/are-extreme-challenge-2026\/","og_locale":"en_US","og_type":"article","og_title":"\u00c5re Extreme Challenge 2026 &#8211; \u00c5re Sweden","og_description":"The classic multisport race \u00c5re Extreme Challenge returns in 2026 \u2014 and this time with exciting updates! In addition to the \u201cregular\u201d competition, other categories are introduced: Lake, featuring a [&hellip;]","og_url":"https:\/\/aresweden.com\/en\/calendar\/are-extreme-challenge-2026\/","og_site_name":"\u00c5re Sweden","article_publisher":"https:\/\/www.facebook.com\/aresweden\/","article_modified_time":"2025-10-30T14:47:34+00:00","og_image":[{"width":1920,"height":1080,"url":"https:\/\/aresweden.com\/app\/uploads\/2019\/04\/extrem-c.jpg","type":"image\/jpeg"}],"twitter_card":"summary_large_image","twitter_misc":{"Est. reading time":"1 minute"},"schema":{"@context":"https:\/\/schema.org","@graph":[{"@type":"WebPage","@id":"https:\/\/aresweden.com\/en\/calendar\/are-extreme-challenge-2026\/","url":"https:\/\/aresweden.com\/en\/calendar\/are-extreme-challenge-2026\/","name":"\u00c5re Extreme Challenge 2026 &#8211; \u00c5re Sweden","isPartOf":{"@id":"https:\/\/aresweden-bedrock.test\/#website"},"primaryImageOfPage":{"@id":"https:\/\/aresweden.com\/en\/calendar\/are-extreme-challenge-2026\/#primaryimage"},"image":{"@id":"https:\/\/aresweden.com\/en\/calendar\/are-extreme-challenge-2026\/#primaryimage"},"thumbnailUrl":"https:\/\/aresweden.com\/app\/uploads\/2019\/04\/extrem-c.jpg","datePublished":"2025-10-30T14:46:29+00:00","dateModified":"2025-10-30T14:47:34+00:00","breadcrumb":{"@id":"https:\/\/aresweden.com\/en\/calendar\/are-extreme-challenge-2026\/#breadcrumb"},"inLanguage":"en-US","potentialAction":[{"@type":"ReadAction","target":["https:\/\/aresweden.com\/en\/calendar\/are-extreme-challenge-2026\/"]}]},{"@type":"ImageObject","inLanguage":"en-US","@id":"https:\/\/aresweden.com\/en\/calendar\/are-extreme-challenge-2026\/#primaryimage","url":"https:\/\/aresweden.com\/app\/uploads\/2019\/04\/extrem-c.jpg","contentUrl":"https:\/\/aresweden.com\/app\/uploads\/2019\/04\/extrem-c.jpg","width":1920,"height":1080,"caption":"\u00c5re Extreme Challenge"},{"@type":"BreadcrumbList","@id":"https:\/\/aresweden.com\/en\/calendar\/are-extreme-challenge-2026\/#breadcrumb","itemListElement":[{"@type":"ListItem","position":1,"name":"Home","item":"https:\/\/aresweden.com\/en\/"},{"@type":"ListItem","position":2,"name":"Events","item":"https:\/\/aresweden.com\/en\/calendar\/"},{"@type":"ListItem","position":3,"name":"\u00c5re Extreme Challenge 2026"}]},{"@type":"WebSite","@id":"https:\/\/aresweden-bedrock.test\/#website","url":"https:\/\/aresweden-bedrock.test\/","name":"\u00c5re Sweden","description":"Official site for \u00c5re Sweden","potentialAction":[{"@type":"SearchAction","target":{"@type":"EntryPoint","urlTemplate":"https:\/\/aresweden-bedrock.test\/?s={search_term_string}"},"query-input":{"@type":"PropertyValueSpecification","valueRequired":true,"valueName":"search_term_string"}}],"inLanguage":"en-US"}]}},"_links":{"self":[{"href":"https:\/\/aresweden.com\/en\/wp-json\/wp\/v2\/tribe_events\/50528","targetHints":{"allow":["GET"]}}],"collection":[{"href":"https:\/\/aresweden.com\/en\/wp-json\/wp\/v2\/tribe_events"}],"about":[{"href":"https:\/\/aresweden.com\/en\/wp-json\/wp\/v2\/types\/tribe_events"}],"author":[{"embeddable":true,"href":"https:\/\/aresweden.com\/en\/wp-json\/wp\/v2\/users\/3"}],"version-history":[{"count":1,"href":"https:\/\/aresweden.com\/en\/wp-json\/wp\/v2\/tribe_events\/50528\/revisions"}],"predecessor-version":[{"id":50529,"href":"https:\/\/aresweden.com\/en\/wp-json\/wp\/v2\/tribe_events\/50528\/revisions\/50529"}],"wp:featuredmedia":[{"embeddable":true,"href":"https:\/\/aresweden.com\/en\/wp-json\/wp\/v2\/media\/6065"}],"wp:attachment":[{"href":"https:\/\/aresweden.com\/en\/wp-json\/wp\/v2\/media?parent=50528"}],"wp:term":[{"taxonomy":"post_tag","embeddable":true,"href":"https:\/\/aresweden.com\/en\/wp-json\/wp\/v2\/tags?post=50528"},{"taxonomy":"tribe_events_cat","embeddable":true,"href":"https:\/\/aresweden.com\/en\/wp-json\/wp\/v2\/tribe_events_cat?post=50528"}],"curies":[{"name":"wp","href":"https:\/\/api.w.org\/{rel}","templated":true}]}}